{"id":2,"date":"2022-02-02T14:00:09","date_gmt":"2022-02-02T14:00:09","guid":{"rendered":"https:\/\/www.kneippen4you.ch\/cms\/?page_id=2"},"modified":"2022-02-18T10:41:27","modified_gmt":"2022-02-18T10:41:27","slug":"about","status":"publish","type":"page","link":"https:\/\/www.kneippen4you.ch\/cms\/?page_id=2","title":{"rendered":"\u00dcber mich"},"content":{"rendered":"<p>[et_pb_section fb_built=&#8220;1&#8243; _builder_version=&#8220;3.22&#8243; global_colors_info=&#8220;{}&#8220;][et_pb_row _builder_version=&#8220;4.14.7&#8243; _module_preset=&#8220;default&#8220; global_colors_info=&#8220;{}&#8220;][et_pb_column type=&#8220;4_4&#8243; _builder_version=&#8220;4.14.7&#8243; _module_preset=&#8220;default&#8220; global_colors_info=&#8220;{}&#8220;][et_pb_text _builder_version=&#8220;4.14.7&#8243; _module_preset=&#8220;default&#8220; global_colors_info=&#8220;{}&#8220;]<\/p>\n<h1 style=\"text-align: center;\">\u00dcber mich<\/h1>\n<p>[\/et_pb_text][et_pb_divider color=&#8220;#F4A700&#8243; divider_weight=&#8220;6px&#8220; admin_label=&#8220;Teiler&#8220; _builder_version=&#8220;4.14.7&#8243; _module_preset=&#8220;default&#8220; width=&#8220;17%&#8220; module_alignment=&#8220;center&#8220; global_colors_info=&#8220;{}&#8220;][\/et_pb_divider][\/et_pb_column][\/et_pb_row][et_pb_row column_structure=&#8220;1_2,1_2&#8243; _builder_version=&#8220;3.25&#8243; background_size=&#8220;initial&#8220; background_position=&#8220;top_left&#8220; background_repeat=&#8220;repeat&#8220; global_colors_info=&#8220;{}&#8220;][et_pb_column type=&#8220;1_2&#8243; _builder_version=&#8220;3.25&#8243; custom_padding=&#8220;|||&#8220; global_colors_info=&#8220;{}&#8220; custom_padding__hover=&#8220;|||&#8220;][et_pb_image src=&#8220;https:\/\/www.kneippen4you.ch\/cms\/wp-content\/uploads\/2022\/02\/M85_4653-ps-1.jpg&#8220; title_text=&#8220;M85_4653-ps&#8220; _builder_version=&#8220;4.14.7&#8243; _module_preset=&#8220;default&#8220; global_colors_info=&#8220;{}&#8220;][\/et_pb_image][\/et_pb_column][et_pb_column type=&#8220;1_2&#8243; _builder_version=&#8220;3.25&#8243; custom_padding=&#8220;|||&#8220; global_colors_info=&#8220;{}&#8220; custom_padding__hover=&#8220;|||&#8220;][et_pb_text _builder_version=&#8220;4.14.7&#8243; background_size=&#8220;initial&#8220; background_position=&#8220;top_left&#8220; background_repeat=&#8220;repeat&#8220; global_colors_info=&#8220;{}&#8220;]<\/p>\n<h3>Maja Leu-Rizzolo<\/h3>\n<p><strong>Dipl. Kneipp Gesundheitsberaterin<\/strong><\/p>\n<p>Fr\u00fcher war ich selbst eine allein erziehende Mutter (62), jetzt zwar seit 15 Jahren mit meinem lieben Lebenspartner Marcel (60) zusammen lebend. Nun seit 5 Jahren gl\u00fccklich verheiratet. Fr\u00fcher mit den zwei Jungen als Patchwork Familie gelebt. Inzwischen sind die Jungs Steve 25 und Raphael 27 selbst\u00e4ndig wohnend.<\/p>\n<p>[\/et_pb_text][et_pb_text _builder_version=&#8220;4.14.7&#8243; background_size=&#8220;initial&#8220; background_position=&#8220;top_left&#8220; background_repeat=&#8220;repeat&#8220; global_colors_info=&#8220;{}&#8220;]<\/p>\n<p>Seit Jahren war ich jedoch gepr\u00e4gt durch ein Schicksal und so kenne ich die Sorgen und N\u00f6ten der Frauen. Sei es durch mehr Belastung der Alleinerziehung, nebst Beruf und Haushalt, oder auch bei \u00dcberbelastung mit Karriere, der immer gr\u00f6sseren Anforderungen im Gesch\u00e4ftsleben oder einfach das Alleinsein.<\/p>\n<p>Ich war 1993 mit meinem Ex-Mann nach Kanada ausgewandert und habe alles in diesen Traum investiert. Nach 4 Jahren hatte ich unseren Sohn Steve geboren. Nach 6 Jahren harter Arbeit des selbst\u00e4ndigen Farm Betriebes verloren wir unser Hab und Gut und ich dazu meinen Ehemann. Alleine ohne einen Franken, aber dank der Unterst\u00fctzung meiner Eltern kam ich mit meinem damalig 2 Jahre alten Sohn und zwei Taschen Kleidern in mein Heimatland Schweiz zur\u00fcck.<\/p>\n<p>[\/et_pb_text][et_pb_text _builder_version=&#8220;4.14.7&#8243; background_size=&#8220;initial&#8220; background_position=&#8220;top_left&#8220; background_repeat=&#8220;repeat&#8220; global_colors_info=&#8220;{}&#8220;]<\/p>\n<p>Erfolgreich konnte ich im ehemaligen kaufm\u00e4nnischen Beruf wieder einsteigen und erhielt schnell mehr Verantwortung. Ich musste zwar oft mehr Stunden arbeiten zum Leidwesen meines Sohnes den ich selten sah. Jedoch hatte ich das grosse Gl\u00fcck immer auf meine Eltern z\u00e4hlen zu d\u00fcrfen.<\/p>\n<p>Ungef\u00e4hr 10 Jahre sp\u00e4ter erlitt ich dann eine Ersch\u00f6pfungsdepression. Durch stetige Hilfe meiner Familie, dem Glauben und der Kneipptherapie wurde ich schnell wieder gesund.<\/p>\n<p>Nebenbei erlernte ich vor 20 Jahren die Kneipptherapie, die mir schon im Ausland nebst Kr\u00e4uterkunde immer als erste Hilfe half. Sicher ist, dass diese ganzheitliche Methode mit ihren 5 S\u00e4ulen in vielen Situationen lindert und unterst\u00fctzt.<\/p>\n<p>&nbsp;<\/p>\n<p>[\/et_pb_text][\/et_pb_column][\/et_pb_row][et_pb_row _builder_version=&#8220;4.14.7&#8243; _module_preset=&#8220;default&#8220; global_colors_info=&#8220;{}&#8220;][et_pb_column type=&#8220;4_4&#8243; _builder_version=&#8220;4.14.7&#8243; _module_preset=&#8220;default&#8220; global_colors_info=&#8220;{}&#8220;][et_pb_text _builder_version=&#8220;4.14.7&#8243; _module_preset=&#8220;default&#8220; global_colors_info=&#8220;{}&#8220;]<\/p>\n<h2 style=\"text-align: center;\">Mein Weg<\/h2>\n<p>[\/et_pb_text][et_pb_divider color=&#8220;#F4A700&#8243; divider_weight=&#8220;3px&#8220; admin_label=&#8220;Teiler&#8220; _builder_version=&#8220;4.14.7&#8243; _module_preset=&#8220;default&#8220; width=&#8220;17%&#8220; module_alignment=&#8220;center&#8220; global_colors_info=&#8220;{}&#8220;][\/et_pb_divider][\/et_pb_column][\/et_pb_row][et_pb_row column_structure=&#8220;1_4,3_4&#8243; _builder_version=&#8220;4.14.7&#8243; _module_preset=&#8220;default&#8220; global_colors_info=&#8220;{}&#8220;][et_pb_column type=&#8220;1_4&#8243; _builder_version=&#8220;4.14.7&#8243; _module_preset=&#8220;default&#8220; global_colors_info=&#8220;{}&#8220;][et_pb_text _builder_version=&#8220;4.14.7&#8243; _module_preset=&#8220;default&#8220; global_colors_info=&#8220;{}&#8220;]<\/p>\n<p><strong>1979 \u2013 bis heute<\/strong><\/p>\n<p>[\/et_pb_text][\/et_pb_column][et_pb_column type=&#8220;3_4&#8243; _builder_version=&#8220;4.14.7&#8243; _module_preset=&#8220;default&#8220; global_colors_info=&#8220;{}&#8220;][et_pb_text _builder_version=&#8220;4.14.7&#8243; _module_preset=&#8220;default&#8220; global_colors_info=&#8220;{}&#8220;]<\/p>\n<p>bin ich haupts\u00e4chlich als Kauffrau im Transportwesen, sowie im Import und Export t\u00e4tig<\/p>\n<p>[\/et_pb_text][\/et_pb_column][\/et_pb_row][et_pb_row _builder_version=&#8220;4.14.7&#8243; _module_preset=&#8220;default&#8220; custom_margin=&#8220;0px||0px||false|false&#8220; custom_padding=&#8220;0px||0px||false|false&#8220; global_colors_info=&#8220;{}&#8220;][et_pb_column type=&#8220;4_4&#8243; _builder_version=&#8220;4.14.7&#8243; _module_preset=&#8220;default&#8220; global_colors_info=&#8220;{}&#8220;][et_pb_divider divider_style=&#8220;dotted&#8220; _builder_version=&#8220;4.14.7&#8243; _module_preset=&#8220;default&#8220; custom_margin=&#8220;0px||0px||false|false&#8220; custom_padding=&#8220;0px||0px||false|false&#8220; global_colors_info=&#8220;{}&#8220;][\/et_pb_divider][\/et_pb_column][\/et_pb_row][et_pb_row column_structure=&#8220;1_4,3_4&#8243; _builder_version=&#8220;4.14.7&#8243; _module_preset=&#8220;default&#8220; global_colors_info=&#8220;{}&#8220;][et_pb_column type=&#8220;1_4&#8243; _builder_version=&#8220;4.14.7&#8243; _module_preset=&#8220;default&#8220; global_colors_info=&#8220;{}&#8220;][et_pb_text _builder_version=&#8220;4.14.7&#8243; _module_preset=&#8220;default&#8220; global_colors_info=&#8220;{}&#8220;]<\/p>\n<p><strong>1986 \u2013 1993<\/strong><\/p>\n<p>[\/et_pb_text][\/et_pb_column][et_pb_column type=&#8220;3_4&#8243; _builder_version=&#8220;4.14.7&#8243; _module_preset=&#8220;default&#8220; global_colors_info=&#8220;{}&#8220;][et_pb_text _builder_version=&#8220;4.14.7&#8243; _module_preset=&#8220;default&#8220; global_colors_info=&#8220;{}&#8220;]<\/p>\n<p>war ich Turnleiterin in einer kleinen Gemeinde<\/p>\n<p>[\/et_pb_text][\/et_pb_column][\/et_pb_row][et_pb_row _builder_version=&#8220;4.14.7&#8243; _module_preset=&#8220;default&#8220; custom_margin=&#8220;0px||0px||false|false&#8220; custom_padding=&#8220;0px||0px||false|false&#8220; global_colors_info=&#8220;{}&#8220;][et_pb_column type=&#8220;4_4&#8243; _builder_version=&#8220;4.14.7&#8243; _module_preset=&#8220;default&#8220; global_colors_info=&#8220;{}&#8220;][et_pb_divider divider_style=&#8220;dotted&#8220; _builder_version=&#8220;4.14.7&#8243; _module_preset=&#8220;default&#8220; custom_margin=&#8220;0px||0px||false|false&#8220; custom_padding=&#8220;0px||0px||false|false&#8220; global_colors_info=&#8220;{}&#8220;][\/et_pb_divider][\/et_pb_column][\/et_pb_row][et_pb_row column_structure=&#8220;1_4,3_4&#8243; _builder_version=&#8220;4.14.7&#8243; _module_preset=&#8220;default&#8220; global_colors_info=&#8220;{}&#8220;][et_pb_column type=&#8220;1_4&#8243; _builder_version=&#8220;4.14.7&#8243; _module_preset=&#8220;default&#8220; global_colors_info=&#8220;{}&#8220;][et_pb_text _builder_version=&#8220;4.14.7&#8243; _module_preset=&#8220;default&#8220; global_colors_info=&#8220;{}&#8220;]<\/p>\n<p><strong>1993 \u2013 1999<\/strong><\/p>\n<p>[\/et_pb_text][\/et_pb_column][et_pb_column type=&#8220;3_4&#8243; _builder_version=&#8220;4.14.7&#8243; _module_preset=&#8220;default&#8220; global_colors_info=&#8220;{}&#8220;][et_pb_text _builder_version=&#8220;4.14.7&#8243; _module_preset=&#8220;default&#8220; global_colors_info=&#8220;{}&#8220;]<\/p>\n<p>Selbst\u00e4ndigkeit mit einem Farmbetrieb in Kanada<\/p>\n<p>[\/et_pb_text][\/et_pb_column][\/et_pb_row][et_pb_row _builder_version=&#8220;4.14.7&#8243; _module_preset=&#8220;default&#8220; custom_margin=&#8220;0px||0px||false|false&#8220; custom_padding=&#8220;0px||0px||false|false&#8220; global_colors_info=&#8220;{}&#8220;][et_pb_column type=&#8220;4_4&#8243; _builder_version=&#8220;4.14.7&#8243; _module_preset=&#8220;default&#8220; global_colors_info=&#8220;{}&#8220;][et_pb_divider divider_style=&#8220;dotted&#8220; _builder_version=&#8220;4.14.7&#8243; _module_preset=&#8220;default&#8220; custom_margin=&#8220;0px||0px||false|false&#8220; custom_padding=&#8220;0px||0px||false|false&#8220; global_colors_info=&#8220;{}&#8220;][\/et_pb_divider][\/et_pb_column][\/et_pb_row][et_pb_row column_structure=&#8220;1_4,3_4&#8243; _builder_version=&#8220;4.14.7&#8243; _module_preset=&#8220;default&#8220; global_colors_info=&#8220;{}&#8220;][et_pb_column type=&#8220;1_4&#8243; _builder_version=&#8220;4.14.7&#8243; _module_preset=&#8220;default&#8220; global_colors_info=&#8220;{}&#8220;][et_pb_text _builder_version=&#8220;4.14.7&#8243; _module_preset=&#8220;default&#8220; global_colors_info=&#8220;{}&#8220;]<\/p>\n<p><strong>2001 \u2013 2002<\/strong><\/p>\n<p>[\/et_pb_text][\/et_pb_column][et_pb_column type=&#8220;3_4&#8243; _builder_version=&#8220;4.14.7&#8243; _module_preset=&#8220;default&#8220; global_colors_info=&#8220;{}&#8220;][et_pb_text _builder_version=&#8220;4.14.7&#8243; _module_preset=&#8220;default&#8220; global_colors_info=&#8220;{}&#8220;]<\/p>\n<p>Ausbildung zur dipl. Kneipp Gesundheitsberaterin<\/p>\n<p>[\/et_pb_text][\/et_pb_column][\/et_pb_row][et_pb_row _builder_version=&#8220;4.14.7&#8243; _module_preset=&#8220;default&#8220; custom_margin=&#8220;0px||0px||false|false&#8220; custom_padding=&#8220;0px||0px||false|false&#8220; global_colors_info=&#8220;{}&#8220;][et_pb_column type=&#8220;4_4&#8243; _builder_version=&#8220;4.14.7&#8243; _module_preset=&#8220;default&#8220; global_colors_info=&#8220;{}&#8220;][et_pb_divider divider_style=&#8220;dotted&#8220; _builder_version=&#8220;4.14.7&#8243; _module_preset=&#8220;default&#8220; custom_margin=&#8220;0px||0px||false|false&#8220; custom_padding=&#8220;0px||0px||false|false&#8220; global_colors_info=&#8220;{}&#8220;][\/et_pb_divider][\/et_pb_column][\/et_pb_row][et_pb_row column_structure=&#8220;1_4,3_4&#8243; _builder_version=&#8220;4.14.7&#8243; _module_preset=&#8220;default&#8220; global_colors_info=&#8220;{}&#8220;][et_pb_column type=&#8220;1_4&#8243; _builder_version=&#8220;4.14.7&#8243; _module_preset=&#8220;default&#8220; global_colors_info=&#8220;{}&#8220;][et_pb_text _builder_version=&#8220;4.14.7&#8243; _module_preset=&#8220;default&#8220; global_colors_info=&#8220;{}&#8220;]<\/p>\n<p><strong>2007<\/strong><\/p>\n<p>[\/et_pb_text][\/et_pb_column][et_pb_column type=&#8220;3_4&#8243; _builder_version=&#8220;4.14.7&#8243; _module_preset=&#8220;default&#8220; global_colors_info=&#8220;{}&#8220;][et_pb_text _builder_version=&#8220;4.14.7&#8243; _module_preset=&#8220;default&#8220; global_colors_info=&#8220;{}&#8220;]<\/p>\n<p>Ausbildung zum Dynamic Rebounder Practitioner (Mini Trampolin)<\/p>\n<p>[\/et_pb_text][\/et_pb_column][\/et_pb_row][et_pb_row _builder_version=&#8220;4.14.7&#8243; _module_preset=&#8220;default&#8220; custom_margin=&#8220;0px||0px||false|false&#8220; custom_padding=&#8220;0px||0px||false|false&#8220; global_colors_info=&#8220;{}&#8220;][et_pb_column type=&#8220;4_4&#8243; _builder_version=&#8220;4.14.7&#8243; _module_preset=&#8220;default&#8220; global_colors_info=&#8220;{}&#8220;][et_pb_divider divider_style=&#8220;dotted&#8220; _builder_version=&#8220;4.14.7&#8243; _module_preset=&#8220;default&#8220; custom_margin=&#8220;0px||0px||false|false&#8220; custom_padding=&#8220;0px||0px||false|false&#8220; global_colors_info=&#8220;{}&#8220;][\/et_pb_divider][\/et_pb_column][\/et_pb_row][et_pb_row column_structure=&#8220;1_4,3_4&#8243; _builder_version=&#8220;4.14.7&#8243; _module_preset=&#8220;default&#8220; global_colors_info=&#8220;{}&#8220;][et_pb_column type=&#8220;1_4&#8243; _builder_version=&#8220;4.14.7&#8243; _module_preset=&#8220;default&#8220; global_colors_info=&#8220;{}&#8220;][et_pb_text _builder_version=&#8220;4.14.7&#8243; _module_preset=&#8220;default&#8220; global_colors_info=&#8220;{}&#8220;]<\/p>\n<p><strong>2001 \u2013 2016<\/strong><\/p>\n<p>[\/et_pb_text][\/et_pb_column][et_pb_column type=&#8220;3_4&#8243; _builder_version=&#8220;4.14.7&#8243; _module_preset=&#8220;default&#8220; global_colors_info=&#8220;{}&#8220;][et_pb_text _builder_version=&#8220;4.14.7&#8243; _module_preset=&#8220;default&#8220; global_colors_info=&#8220;{}&#8220;]<\/p>\n<p>Aktuarin und Pr\u00e4sidentin vom <a href=\"https:\/\/www.kneipp-sh.ch\/\" target=\"_blank\" rel=\"noopener\">Kneippverein Schaffhausen<\/a><\/p>\n<p>&nbsp;<\/p>\n<p>[\/et_pb_text][\/et_pb_column][\/et_pb_row][et_pb_row _builder_version=&#8220;4.14.7&#8243; _module_preset=&#8220;default&#8220; custom_margin=&#8220;0px||0px||false|false&#8220; custom_padding=&#8220;0px||0px||false|false&#8220; global_colors_info=&#8220;{}&#8220;][et_pb_column type=&#8220;4_4&#8243; _builder_version=&#8220;4.14.7&#8243; _module_preset=&#8220;default&#8220; global_colors_info=&#8220;{}&#8220;][et_pb_divider divider_style=&#8220;dotted&#8220; _builder_version=&#8220;4.14.7&#8243; _module_preset=&#8220;default&#8220; custom_margin=&#8220;0px||0px||false|false&#8220; custom_padding=&#8220;0px||0px||false|false&#8220; global_colors_info=&#8220;{}&#8220;][\/et_pb_divider][\/et_pb_column][\/et_pb_row][et_pb_row column_structure=&#8220;1_4,3_4&#8243; _builder_version=&#8220;4.14.7&#8243; _module_preset=&#8220;default&#8220; global_colors_info=&#8220;{}&#8220;][et_pb_column type=&#8220;1_4&#8243; _builder_version=&#8220;4.14.7&#8243; _module_preset=&#8220;default&#8220; global_colors_info=&#8220;{}&#8220;][et_pb_text _builder_version=&#8220;4.14.7&#8243; _module_preset=&#8220;default&#8220; global_colors_info=&#8220;{}&#8220;]<\/p>\n<p><strong>2017 \u2013 heute<\/strong><\/p>\n<p>[\/et_pb_text][\/et_pb_column][et_pb_column type=&#8220;3_4&#8243; _builder_version=&#8220;4.14.7&#8243; _module_preset=&#8220;default&#8220; global_colors_info=&#8220;{}&#8220;][et_pb_text _builder_version=&#8220;4.14.7&#8243; _module_preset=&#8220;default&#8220; hover_enabled=&#8220;0&#8243; global_colors_info=&#8220;{}&#8220; sticky_enabled=&#8220;0&#8243;]<\/p>\n<p>Selbst. Partnerin von Life Plus Vitalstoffe<\/p>\n<p>&nbsp;<\/p>\n<p>[\/et_pb_text][\/et_pb_column][\/et_pb_row][\/et_pb_section]<\/p>\n","protected":false},"excerpt":{"rendered":"<p>\u00dcber michMaja Leu-Rizzolo Dipl. Kneipp Gesundheitsberaterin Fr\u00fcher war ich selbst eine allein erziehende Mutter (62), jetzt zwar seit 15 Jahren mit meinem lieben Lebenspartner Marcel (60) zusammen lebend. Nun seit 5 Jahren gl\u00fccklich verheiratet. Fr\u00fcher mit den zwei Jungen als Patchwork Familie gelebt. Inzwischen sind die Jungs Steve 25 und Raphael 27 selbst\u00e4ndig wohnend.Seit Jahren [&hellip;]<\/p>\n","protected":false},"author":1,"featured_media":0,"parent":0,"menu_order":0,"comment_status":"open","ping_status":"open","template":"","meta":{"_et_pb_use_builder":"on","_et_pb_old_content":"[vc_row][vc_column][leap_image_box layout=\"image-side\" image=\"3895\" title=\"Maja Leu-Rizzolo\"]Dipl. Kneipp Gesundheitsberaterin[\/leap_image_box][\/vc_column][\/vc_row][vc_row][vc_column width=\"1\/2\"][vc_column_text]Fr\u00fcher war ich selbst eine allein erziehende Mutter (62), jetzt zwar seit 15 Jahren mit meinem lieben Lebenspartner Marcel (60) zusammen lebend. Nun seit 5 Jahren gl\u00fccklich verheiratet. Fr\u00fcher mit den zwei Jungen als Patchwork Familie gelebt. Inzwischen sind die Jungs Steve 25 und Raphael 27 selbst\u00e4ndig wohnend.\r\n\r\nSeit Jahren war ich jedoch gepr\u00e4gt durch ein Schicksal und so kenne ich die Sorgen und N\u00f6ten der Frauen. Sei es durch mehr Belastung der Alleinerziehung, nebst Beruf und Haushalt, oder auch bei \u00dcberbelastung mit Karriere, der immer gr\u00f6sseren Anforderungen im Gesch\u00e4ftsleben oder einfach das Alleinsein.\r\n\r\nIch war 1993 mit meinem Ex-Mann nach Kanada ausgewandert und habe alles in diesen Traum investiert. Nach 4 Jahren hatte ich unseren Sohn Steve geboren. Nach 6 Jahren harter Arbeit des selbst\u00e4ndigen Farm Betriebes verloren wir unser Hab und Gut und ich dazu meinen Ehemann. Alleine ohne einen Franken, aber dank der Unterst\u00fctzung meiner Eltern kam ich mit meinem damalig 2 Jahre alten Sohn und zwei Taschen Kleidern in mein Heimatland Schweiz zur\u00fcck.[\/vc_column_text][\/vc_column][vc_column width=\"1\/2\"][vc_column_text]Erfolgreich konnte ich im ehemaligen kaufm\u00e4nnischen Beruf wieder einsteigen und erhielt schnell mehr Verantwortung. Ich musste zwar oft mehr Stunden arbeiten zum Leidwesen meines Sohnes den ich selten sah. Jedoch hatte ich das grosse Gl\u00fcck immer auf meine Eltern z\u00e4hlen zu d\u00fcrfen.\r\n\r\nUngef\u00e4hr 10 Jahre sp\u00e4ter erlitt ich dann eine Ersch\u00f6pfungsdepression. Durch stetige Hilfe meiner Familie, dem Glauben und der Kneipptherapie wurde ich schnell wieder gesund.\r\n\r\nNebenbei erlernte ich vor 20 Jahren die Kneipptherapie, die mir schon im Ausland nebst Kr\u00e4uterkunde immer als erste Hilfe half. Sicher ist, dass diese ganzheitliche Methode mit ihren 5 S\u00e4ulen in vielen Situationen lindert und unterst\u00fctzt.[\/vc_column_text][\/vc_column][\/vc_row][vc_row][vc_column][leap_separator color=\"#ffffff\"][leap_title heading=\"h3\" center=\"yes\" strip=\"no\"]Mein Weg[\/leap_title][vc_separator][\/vc_column][\/vc_row][vc_row][vc_column width=\"1\/4\"][vc_column_text]1979 \u2013 bis heute[\/vc_column_text][\/vc_column][vc_column width=\"3\/4\"][vc_column_text]bin ich haupts\u00e4chlich als Kauffrau im Transportwesen, sowie im Import und Export t\u00e4tig[\/vc_column_text][\/vc_column][\/vc_row][vc_row][vc_column width=\"1\/4\"][vc_column_text]1986 \u2013 1993[\/vc_column_text][\/vc_column][vc_column width=\"3\/4\"][vc_column_text]war ich Turnleiterin in einer kleinen Gemeinde[\/vc_column_text][\/vc_column][\/vc_row][vc_row][vc_column width=\"1\/4\"][vc_column_text]1993 \u2013 1999[\/vc_column_text][\/vc_column][vc_column width=\"3\/4\"][vc_column_text]Selbst\u00e4ndigkeit mit einem Farmbetrieb in Kanada[\/vc_column_text][\/vc_column][\/vc_row][vc_row][vc_column width=\"1\/4\"][vc_column_text]2001 \u2013 2002[\/vc_column_text][\/vc_column][vc_column width=\"3\/4\"][vc_column_text]Ausbildung zur dipl. Kneipp Gesundheitsberaterin[\/vc_column_text][\/vc_column][\/vc_row][vc_row][vc_column width=\"1\/4\"][vc_column_text]2007[\/vc_column_text][\/vc_column][vc_column width=\"3\/4\"][vc_column_text]Ausbildung zum Dynamic Rebounder Practitioner (Mini Trampolin)[\/vc_column_text][\/vc_column][\/vc_row][vc_row][vc_column width=\"1\/4\"][vc_column_text]2001 \u2013 2016[\/vc_column_text][\/vc_column][vc_column width=\"3\/4\"][vc_column_text]Aktuarin und Pr\u00e4sidentin vom <a href=\"https:\/\/www.kneipp-sh.ch\/\" target=\"_blank\" rel=\"noopener\">Kneippverein Schaffhausen<\/a>[\/vc_column_text][\/vc_column][\/vc_row]","_et_gb_content_width":""},"_links":{"self":[{"href":"https:\/\/www.kneippen4you.ch\/cms\/index.php?rest_route=\/wp\/v2\/pages\/2"}],"collection":[{"href":"https:\/\/www.kneippen4you.ch\/cms\/index.php?rest_route=\/wp\/v2\/pages"}],"about":[{"href":"https:\/\/www.kneippen4you.ch\/cms\/index.php?rest_route=\/wp\/v2\/types\/page"}],"author":[{"embeddable":true,"href":"https:\/\/www.kneippen4you.ch\/cms\/index.php?rest_route=\/wp\/v2\/users\/1"}],"replies":[{"embeddable":true,"href":"https:\/\/www.kneippen4you.ch\/cms\/index.php?rest_route=%2Fwp%2Fv2%2Fcomments&post=2"}],"version-history":[{"count":23,"href":"https:\/\/www.kneippen4you.ch\/cms\/index.php?rest_route=\/wp\/v2\/pages\/2\/revisions"}],"predecessor-version":[{"id":4271,"href":"https:\/\/www.kneippen4you.ch\/cms\/index.php?rest_route=\/wp\/v2\/pages\/2\/revisions\/4271"}],"wp:attachment":[{"href":"https:\/\/www.kneippen4you.ch\/cms\/index.php?rest_route=%2Fwp%2Fv2%2Fmedia&parent=2"}],"curies":[{"name":"wp","href":"https:\/\/api.w.org\/{rel}","templated":true}]}}